{"id":5997,"date":"2020-04-10T13:00:51","date_gmt":"2020-04-10T11:00:51","guid":{"rendered":"https:\/\/polon.nauka.gov.pl\/pomoc\/?post_type=lsvr_lore_kb&#038;p=5997"},"modified":"2025-07-29T11:10:59","modified_gmt":"2025-07-29T09:10:59","slug":"laczna-liczba-godzin-zajec-okreslonych-w-programie-studiow-modul-kierunki","status":"publish","type":"lsvr_lore_kb","link":"https:\/\/polon.nauka.gov.pl\/pomoc\/knowledge-base\/laczna-liczba-godzin-zajec-okreslonych-w-programie-studiow-modul-kierunki\/","title":{"rendered":"\u0141\u0105czna liczba godzin zaj\u0119\u0107"},"content":{"rendered":"\n<p>&nbsp;<strong>W tym artykule znajdziesz informacje jak osoba z rol\u0105 edycyjn\u0105 do modu\u0142u kierunki studi\u00f3w rejestruje informacje o \u0142\u0105cznej liczbie godzin zaj\u0119\u0107 okre\u015blonych w programie studi\u00f3w.<\/strong><\/p>\n\n\n\n<p>Dla prowadzonego kierunku studi\u00f3w <strong>co roku<\/strong> rejestrujemy obok siebie <strong>dwie osobne liczby<\/strong>:<\/p>\n\n\n\n<ol start=\"1\" class=\"wp-block-list\">\n<li>\u0142\u0105czn\u0105 liczb\u0119 godzin zaj\u0119\u0107 okre\u015blonych w programie studi\u00f3w,<\/li>\n\n\n\n<li><a href=\"https:\/\/polon.nauka.gov.pl\/pomoc\/knowledge-base\/liczba-godzin-zajec-okreslonych-w-programie-studiow-realizowanych-przez-nauczycieli-akademickich-zatrudnionych-w-uczelni-jako-podstawowym-miejscu-pracy-modul-kierunki\/\" target=\"_blank\" rel=\"noreferrer noopener\">liczb\u0119 godzin zaj\u0119\u0107 okre\u015blonych w programie studi\u00f3w realizowanych przez nauczycieli akademickich zatrudnionych w uczelni jako podstawowym miejscu pracy<\/a><\/li>\n<\/ol>\n\n\n\n<p>Dane te s\u0142u\u017c\u0105 do bie\u017c\u0105cej weryfikacji % zaj\u0119\u0107 prowadzonych przez nauczycieli akademickich zatrudnionych w uczelni jako podstawowym miejscu pracy (NA w PMP).<\/p>\n\n\n\n<p>Minimalny % godzin zaj\u0119\u0107 prowadzony przez NA w PMP powinien wynosi\u0107:<\/p>\n\n\n\n<ul class=\"wp-block-list\">\n<li>na profilu praktycznym &#8211; 50% godzin, <\/li>\n\n\n\n<li>na profilu og\u00f3lnoakademickim &#8211; 75% godzin.<\/li>\n<\/ul>\n\n\n\n<h2 class=\"wp-block-heading\">Wytyczne merytoryczne<\/h2>\n\n\n\n<p class=\"has-black-color has-text-color has-background has-link-color wp-elements-23871bab93011d9363ac16d1202c26c6\" style=\"background-color:#dce8f6\"><strong>\u0141\u0105czna liczba godzin zaj\u0119\u0107 okre\u015blonych w programie studi\u00f3w<\/strong> to suma godzin od pierwszego do ostatniego roku wszystkich zaj\u0119\u0107 w ramach kierunku w odniesieniu do uruchomienia z maksymaln\u0105 liczb\u0105 godzin zaj\u0119\u0107 wynikaj\u0105cych z programu studi\u00f3w.<\/p>\n\n\n\n<p>\u0141\u0105czna liczba godzin jest rejestrowana na poziomie kierunku a nie uruchomienia studi\u00f3w.<\/p>\n\n\n\n<p class=\"has-black-color has-text-color has-background has-link-color wp-elements-cae2a7ae0c391e2d0031fae7e9be444d\" style=\"background-color:#dce8f6\">Je\u015bli na <strong>r\u00f3\u017cnych uruchomieniach<\/strong> tego samego kierunku zaplanowano r\u00f3\u017cn\u0105 liczb\u0119 zaj\u0119\u0107, zarejestruj \u0142\u0105czn\u0105 liczb\u0119 godzin, bior\u0105c j\u0105 w programu uruchomienia, na kt\u00f3rym suma godzin od pierwszego do ostatniego roku w programie studi\u00f3w<strong> <\/strong>jest <strong>najwy\u017csza<\/strong>. <\/p>\n\n\n\n<p>Je\u015bli na kierunku w danym roku akademickim prowadzone s\u0105 dwa uruchomienia (np. niestacjonarne 3500 godzin i stacjonarne 4000 godzin &#8211; jak w przyk\u0142adzie I w materia\u0142ach dodatkowych), to jako \u0142\u0105czn\u0105 liczb\u0119 godzin zaj\u0119\u0107 podaj warto\u015b\u0107 z tego z uruchomie\u0144, gdzie przewidziano wy\u017csz\u0105 \u0142\u0105czn\u0105 liczb\u0119 godzin (stacjonarne).<\/p>\n\n\n\n<p>Z tego samego uruchomienia zliczysz liczb\u0119 godzin NA w PMP z istniej\u0105cych rocznik\u00f3w bez wzgl\u0119du na to jakimi id\u0105 cyklami. Wi\u0119cej o tym przeczytasz <a href=\"https:\/\/polon.nauka.gov.pl\/pomoc\/knowledge-base\/liczba-godzin-zajec-okreslonych-w-programie-studiow-realizowanych-przez-nauczycieli-akademickich-zatrudnionych-w-uczelni-jako-podstawowym-miejscu-pracy-modul-kierunki\/\">tutaj<\/a>.<\/p>\n\n\n\n<p class=\"has-black-color has-text-color has-background has-link-color wp-elements-ae9dc5b251e7a774731b5aae3caf99a6\" style=\"background-color:#dce8f6\">\u0141\u0105czn\u0105 liczb\u0119 godzin zaj\u0119\u0107 w danym roku akademickim podaj na podstawie programu studi\u00f3w obowi\u0105zuj\u0105cego na dany rok akademicki i&nbsp;<strong>aktualnego dla cyklu kszta\u0142cenia, kt\u00f3ry rozpoczyna studia w danym roku<\/strong>. (W roku akademickim&nbsp;2024\/2025 zarejestruj liczb\u0119 godzin dla cyklu rozpoczynaj\u0105cego si\u0119 w 2024 r.)<\/p>\n\n\n\n<p>Informacje te powiniene\u015b poda\u0107 w terminie do 21 dni od dnia rozpocz\u0119cia roku akademickiego lub semestru (w przypadku studi\u00f3w rozpoczynaj\u0105cych si\u0119 w semestrze letnim).<\/p>\n\n\n\n<p>\u0141\u0105czna liczba godzin jest warto\u015bci\u0105:<\/p>\n\n\n\n<ul class=\"wp-block-list\">\n<li>deklarowan\u0105 na ca\u0142y rok akademicki,<\/li>\n\n\n\n<li>rejestrowan\u0105 (aktualizowan\u0105) co roku,<\/li>\n\n\n\n<li>uwzgl\u0119dniaj\u0105c\u0105 wszystkie rodzaje zaj\u0119\u0107 okre\u015blone w programie studi\u00f3w (np. zaj\u0119cia dydaktycznych, praktyki zawodowe, \u0107wiczenia, laboratoria, konwersatoria, lektoraty).<\/li>\n<\/ul>\n\n\n\n<p>W przypadku <strong>zaj\u0119\u0107 wybieralnych<\/strong> do \u0142\u0105cznej liczby godzin wlicz liczb\u0119 okre\u015blon\u0105 przez uczelni\u0119 do realizacji w programie studi\u00f3w przez danego studenta.<\/p>\n\n\n\n<p>Odno\u015b si\u0119 do programu studi\u00f3w \u2013<strong> nie przemna\u017caj <\/strong>liczby godzin wynikaj\u0105cej z programu przez liczb\u0119 grup przewidzianych na danym roku.<\/p>\n\n\n\n<p>Gdy w kolejnym roku akademickim <strong>program studi\u00f3w zmieni si\u0119<\/strong> w zakresie liczby godzin (uruchamiany b\u0119dzie odmienny cykl kszta\u0142cenia) zarejestruj \u0142\u0105czn\u0105 liczb\u0119 godzin zaj\u0119\u0107, okre\u015blon\u0105 w programie studi\u00f3w dla tego cyklu kszta\u0142cenia, kt\u00f3ry rozpoczyna kszta\u0142cenie w danym roku akademickim &#8211; bez dublowania \u201e\u015bcie\u017cek\u201d kt\u00f3rymi mog\u0105 i\u015b\u0107 r\u00f3\u017cne grupy student\u00f3w.<\/p>\n\n\n\n<p>Zapoznaj si\u0119 z przyk\u0142adem II w materia\u0142ach dodatkowych.<\/p>\n\n\n\n<h2 class=\"wp-block-heading\">Rejestracja \u0142\u0105cznej liczby godzin<\/h2>\n\n\n\n<p class=\"has-black-color has-text-color has-background has-link-color wp-elements-5ee78ba7408295970836d793cf14ca5d\" style=\"background-color:#f3f3f3\">\u0141\u0105czn\u0105 liczb\u0119 godzin zaj\u0119\u0107 i liczb\u0119 NA w PMP rejestrujesz jednocze\u015bnie.<\/p>\n\n\n\n<p>W zestawieniu kierunk\u00f3w i uruchomie\u0144 twojej jednostki odszukaj kierunek za pomoc\u0105 filtr\u00f3w zestawienia <strong>[1]<\/strong>. Przejd\u017a do szczeg\u00f3\u0142\u00f3w kierunku <strong>[2]<\/strong>.<\/p>\n\n\n\n<figure class=\"wp-block-image size-large\"><a href=\"https:\/\/polon.nauka.gov.pl\/pomoc\/wp-content\/uploads\/2020\/04\/2025-06-27_13h24_40.png\" target=\"_blank\" rel=\" noreferrer noopener\"><img loading=\"lazy\" decoding=\"async\" width=\"1024\" height=\"520\" src=\"https:\/\/polon.nauka.gov.pl\/pomoc\/wp-content\/uploads\/2020\/04\/2025-06-27_13h24_40-1024x520.png\" alt=\"\" class=\"wp-image-21529\" srcset=\"https:\/\/polon.nauka.gov.pl\/pomoc\/wp-content\/uploads\/2020\/04\/2025-06-27_13h24_40-1024x520.png 1024w, https:\/\/polon.nauka.gov.pl\/pomoc\/wp-content\/uploads\/2020\/04\/2025-06-27_13h24_40-300x152.png 300w, https:\/\/polon.nauka.gov.pl\/pomoc\/wp-content\/uploads\/2020\/04\/2025-06-27_13h24_40-768x390.png 768w, https:\/\/polon.nauka.gov.pl\/pomoc\/wp-content\/uploads\/2020\/04\/2025-06-27_13h24_40-1536x780.png 1536w, https:\/\/polon.nauka.gov.pl\/pomoc\/wp-content\/uploads\/2020\/04\/2025-06-27_13h24_40.png 1919w\" sizes=\"auto, (max-width: 1024px) 100vw, 1024px\" \/><\/a><\/figure>\n\n\n\n<p>W zak\u0142adce \u201eLiczba godzin zaj\u0119\u0107\u201d kliknij w przycisk \u201e+ Dodaj informacje o liczbie godzin\u201d <strong>[3]<\/strong>.<\/p>\n\n\n\n<figure class=\"wp-block-image size-large\"><a href=\"https:\/\/polon.nauka.gov.pl\/pomoc\/wp-content\/uploads\/2020\/04\/2025-06-27_13h24_46.png\" target=\"_blank\" rel=\" noreferrer noopener\"><img loading=\"lazy\" decoding=\"async\" width=\"1024\" height=\"519\" src=\"https:\/\/polon.nauka.gov.pl\/pomoc\/wp-content\/uploads\/2020\/04\/2025-06-27_13h24_46-1024x519.png\" alt=\"\" class=\"wp-image-21530\" srcset=\"https:\/\/polon.nauka.gov.pl\/pomoc\/wp-content\/uploads\/2020\/04\/2025-06-27_13h24_46-1024x519.png 1024w, https:\/\/polon.nauka.gov.pl\/pomoc\/wp-content\/uploads\/2020\/04\/2025-06-27_13h24_46-300x152.png 300w, https:\/\/polon.nauka.gov.pl\/pomoc\/wp-content\/uploads\/2020\/04\/2025-06-27_13h24_46-768x389.png 768w, https:\/\/polon.nauka.gov.pl\/pomoc\/wp-content\/uploads\/2020\/04\/2025-06-27_13h24_46-1536x778.png 1536w, https:\/\/polon.nauka.gov.pl\/pomoc\/wp-content\/uploads\/2020\/04\/2025-06-27_13h24_46.png 1919w\" sizes=\"auto, (max-width: 1024px) 100vw, 1024px\" \/><\/a><\/figure>\n\n\n\n<p>Uzupe\u0142nij formularz:<\/p>\n\n\n\n<ul class=\"wp-block-list\">\n<li>wybierz rok akademicki <strong>[1]<\/strong>,<\/li>\n\n\n\n<li>wprowad\u017a \u0142\u0105czn\u0105 liczb\u0119 godzin zaj\u0119\u0107 (w odniesieniu do uruchomienia z maksymaln\u0105 liczb\u0105 godzin w programie studi\u00f3w dla cyklu kt\u00f3ry rozpoczyna kszta\u0142cenie w danym roku akademickim) <strong>[2]<\/strong>,<\/li>\n\n\n\n<li>wprowad\u017a <a href=\"https:\/\/polon.nauka.gov.pl\/pomoc\/knowledge-base\/liczba-godzin-zajec-okreslonych-w-programie-studiow-realizowanych-przez-nauczycieli-akademickich-zatrudnionych-w-uczelni-jako-podstawowym-miejscu-pracy-modul-kierunki\/\" target=\"_blank\" rel=\"noreferrer noopener\">liczb\u0119 godzin NA w PMP<\/a> (zliczon\u0105 w odniesieniu do tego samego uruchomienia z maksymaln\u0105 \u0142\u0105czn\u0105 liczb\u0105 godzin w programie studi\u00f3w, zliczon\u0105 z istniej\u0105cych rocznik\u00f3w bez wzgl\u0119du na to jakimi id\u0105 cyklami) <strong>[3]<\/strong>,<\/li>\n\n\n\n<li>zapisz informacj\u0119 znacznikiem po prawej stronie <strong>[4]<\/strong>.<\/li>\n<\/ul>\n\n\n\n<figure class=\"wp-block-image size-large\"><a href=\"https:\/\/polon.nauka.gov.pl\/pomoc\/wp-content\/uploads\/2020\/04\/2025-06-27_13h31_08.png\" target=\"_blank\" rel=\" noreferrer noopener\"><img loading=\"lazy\" decoding=\"async\" width=\"1024\" height=\"576\" src=\"https:\/\/polon.nauka.gov.pl\/pomoc\/wp-content\/uploads\/2020\/04\/2025-06-27_13h31_08-1024x576.png\" alt=\"\" class=\"wp-image-21534\" srcset=\"https:\/\/polon.nauka.gov.pl\/pomoc\/wp-content\/uploads\/2020\/04\/2025-06-27_13h31_08-1024x576.png 1024w, https:\/\/polon.nauka.gov.pl\/pomoc\/wp-content\/uploads\/2020\/04\/2025-06-27_13h31_08-300x169.png 300w, https:\/\/polon.nauka.gov.pl\/pomoc\/wp-content\/uploads\/2020\/04\/2025-06-27_13h31_08-768x432.png 768w, https:\/\/polon.nauka.gov.pl\/pomoc\/wp-content\/uploads\/2020\/04\/2025-06-27_13h31_08-1536x864.png 1536w, https:\/\/polon.nauka.gov.pl\/pomoc\/wp-content\/uploads\/2020\/04\/2025-06-27_13h31_08.png 1920w\" sizes=\"auto, (max-width: 1024px) 100vw, 1024px\" \/><\/a><\/figure>\n\n\n\n<p>Po podaniu obu liczb mo\u017cesz je:<\/p>\n\n\n\n<ul class=\"wp-block-list\">\n<li>skorygowa\u0107 <strong>[1] <\/strong>lub<\/li>\n\n\n\n<li>usun\u0105\u0107 <strong>[2].<\/strong><\/li>\n<\/ul>\n\n\n\n<figure class=\"wp-block-image size-large\"><a href=\"https:\/\/polon.nauka.gov.pl\/pomoc\/wp-content\/uploads\/2020\/04\/2025-06-27_13h26_42.png\" target=\"_blank\" rel=\" noreferrer noopener\"><img loading=\"lazy\" decoding=\"async\" width=\"1024\" height=\"576\" src=\"https:\/\/polon.nauka.gov.pl\/pomoc\/wp-content\/uploads\/2020\/04\/2025-06-27_13h26_42-1024x576.png\" alt=\"\" class=\"wp-image-21533\" srcset=\"https:\/\/polon.nauka.gov.pl\/pomoc\/wp-content\/uploads\/2020\/04\/2025-06-27_13h26_42-1024x576.png 1024w, https:\/\/polon.nauka.gov.pl\/pomoc\/wp-content\/uploads\/2020\/04\/2025-06-27_13h26_42-300x169.png 300w, https:\/\/polon.nauka.gov.pl\/pomoc\/wp-content\/uploads\/2020\/04\/2025-06-27_13h26_42-768x432.png 768w, https:\/\/polon.nauka.gov.pl\/pomoc\/wp-content\/uploads\/2020\/04\/2025-06-27_13h26_42-1536x864.png 1536w, https:\/\/polon.nauka.gov.pl\/pomoc\/wp-content\/uploads\/2020\/04\/2025-06-27_13h26_42.png 1920w\" sizes=\"auto, (max-width: 1024px) 100vw, 1024px\" \/><\/a><\/figure>\n\n\n\n<h2 class=\"wp-block-heading\">Materia\u0142y dodatkowe<\/h2>\n\n\n\n<h3 class=\"wp-block-heading\"><strong>Przyk\u0142ad I<\/strong><\/h3>\n\n\n\n<p>Wed\u0142ug programu studi\u00f3w na Kierunku A prowadzone s\u0105 zaj\u0119cia w wymiarze 3500 godzin na studiach niestacjonarnych i 4000 godzin na studiach stacjonarnych.<\/p>\n\n\n\n<p><strong>Rozwi\u0105zanie:<\/strong> Maksymalna \u0142\u0105czna liczba godzin okre\u015blonych w programie studi\u00f3w na tym kierunku wynosi 4000 godzin i tak\u0105 liczb\u0119 nale\u017cy zarejestrowa\u0107.<\/p>\n\n\n\n<figure class=\"wp-block-image\"><a href=\"https:\/\/polon.nauka.gov.pl\/pomoc\/wp-content\/uploads\/2020\/01\/a_Przyk\u0142ad1.png\" target=\"_blank\" rel=\" noreferrer noopener\"><img loading=\"lazy\" decoding=\"async\" width=\"1024\" height=\"576\" src=\"https:\/\/polon.nauka.gov.pl\/pomoc\/wp-content\/uploads\/2020\/01\/a_Przyk\u0142ad1-1024x576.png\" alt=\"\" class=\"wp-image-4807\" srcset=\"https:\/\/polon.nauka.gov.pl\/pomoc\/wp-content\/uploads\/2020\/01\/a_Przyk\u0142ad1-1024x576.png 1024w, https:\/\/polon.nauka.gov.pl\/pomoc\/wp-content\/uploads\/2020\/01\/a_Przyk\u0142ad1-300x169.png 300w, https:\/\/polon.nauka.gov.pl\/pomoc\/wp-content\/uploads\/2020\/01\/a_Przyk\u0142ad1-768x432.png 768w, https:\/\/polon.nauka.gov.pl\/pomoc\/wp-content\/uploads\/2020\/01\/a_Przyk\u0142ad1-1536x864.png 1536w, https:\/\/polon.nauka.gov.pl\/pomoc\/wp-content\/uploads\/2020\/01\/a_Przyk\u0142ad1-2048x1152.png 2048w\" sizes=\"auto, (max-width: 1024px) 100vw, 1024px\" \/><\/a><\/figure>\n\n\n\n<h3 class=\"wp-block-heading\"><strong>Przyk\u0142ad II<\/strong><\/h3>\n\n\n\n<p>W planie studi\u00f3w dla cyklu kszta\u0142cenia 2017-2020 liczba godzin wynosi 1950, w planie dla cyklu 2018-2021 wynosi 1900, a w planie dla cyklu 2019-2022 wynosi 1850 godz.<\/p>\n\n\n\n<p><strong>Rozwi\u0105zanie:<\/strong> Poniewa\u017c rejestrujemy godziny od roku akademickiego 2018\/2019 zgodnie z programem studi\u00f3w za rok akademicki 2018\/2019 nale\u017cy wpisa\u0107 1900 godzin, a za rok 2019\/2020&nbsp; \u2013 1850 godzin.<\/p>\n\n\n\n<p><\/p>\n\n\n\n<figure class=\"wp-block-image\"><a href=\"https:\/\/polon.nauka.gov.pl\/pomoc\/wp-content\/uploads\/2020\/04\/cykle.png\" target=\"_blank\" rel=\" noreferrer noopener\"><img loading=\"lazy\" decoding=\"async\" width=\"1024\" height=\"529\" src=\"https:\/\/polon.nauka.gov.pl\/pomoc\/wp-content\/uploads\/2020\/04\/cykle-1024x529.png\" alt=\"\" class=\"wp-image-6050\" srcset=\"https:\/\/polon.nauka.gov.pl\/pomoc\/wp-content\/uploads\/2020\/04\/cykle-1024x529.png 1024w, https:\/\/polon.nauka.gov.pl\/pomoc\/wp-content\/uploads\/2020\/04\/cykle-300x155.png 300w, https:\/\/polon.nauka.gov.pl\/pomoc\/wp-content\/uploads\/2020\/04\/cykle-768x397.png 768w, https:\/\/polon.nauka.gov.pl\/pomoc\/wp-content\/uploads\/2020\/04\/cykle.png 1310w\" sizes=\"auto, (max-width: 1024px) 100vw, 1024px\" \/><\/a><\/figure>\n\n\n\n<p class=\"has-black-color has-text-color has-background has-link-color wp-elements-9c0205dfc0046da7101f154bceffea06\" style=\"background-color:#f3f3f3\"><strong>Podstawy prawne:<\/strong><br>Rozporz\u0105dzenie Ministra Nauki i Szkolnictwa Wy\u017cszego w sprawie danych przetwarzanych w Zintegrowanym Systemie Informacji o Szkolnictwie Wy\u017cszym i Nauce POL-on z dnia 12 wrze\u015bnia 2024 r. (Dz.U. 2024 poz. 1403) \u2013 \u00a7 5 ust. 2 pkt 16.<\/p>\n\n\n\n<p>&nbsp;<\/p>\n\n\n\n<p>&nbsp;<\/p>\n","protected":false},"excerpt":{"rendered":"<p>&nbsp;W tym artykule znajdziesz informacje jak osoba z rol\u0105 edycyjn\u0105 do modu\u0142u kierunki studi\u00f3w rejestruje informacje o \u0142\u0105cznej liczbie godzin zaj\u0119\u0107 okre\u015blonych w programie studi\u00f3w. Dla prowadzonego kierunku studi\u00f3w co roku rejestrujemy obok siebie dwie osobne liczby: Dane te s\u0142u\u017c\u0105 do bie\u017c\u0105cej weryfikacji % zaj\u0119\u0107 prowadzonych przez nauczycieli akademickich zatrudnionych w uczelni jako podstawowym miejscu [&hellip;]<\/p>\n","protected":false},"author":33,"comment_status":"closed","ping_status":"closed","template":"","format":"standard","meta":{"footnotes":""},"class_list":["post-5997","lsvr_lore_kb","type-lsvr_lore_kb","status-publish","format-standard","hentry","lsvr_lore_kb_cat-kierunki","lsvr_lore_kb_tag-kierunki","lsvr_lore_kb_tag-liczba-godzin-zajec","lsvr_lore_kb_tag-laczna-liczba-godzin-zajec","post-item"],"categories":"Kierunki studi\u00f3w","tags":"kierunki, liczba godzin zaj\u0119\u0107, \u0142\u0105czna liczba godzin zaj\u0119\u0107","date_content_updated":"","_links":{"self":[{"href":"https:\/\/polon.nauka.gov.pl\/pomoc\/wp-json\/wp\/v2\/lsvr_lore_kb\/5997","targetHints":{"allow":["GET"]}}],"collection":[{"href":"https:\/\/polon.nauka.gov.pl\/pomoc\/wp-json\/wp\/v2\/lsvr_lore_kb"}],"about":[{"href":"https:\/\/polon.nauka.gov.pl\/pomoc\/wp-json\/wp\/v2\/types\/lsvr_lore_kb"}],"author":[{"embeddable":true,"href":"https:\/\/polon.nauka.gov.pl\/pomoc\/wp-json\/wp\/v2\/users\/33"}],"replies":[{"embeddable":true,"href":"https:\/\/polon.nauka.gov.pl\/pomoc\/wp-json\/wp\/v2\/comments?post=5997"}],"version-history":[{"count":25,"href":"https:\/\/polon.nauka.gov.pl\/pomoc\/wp-json\/wp\/v2\/lsvr_lore_kb\/5997\/revisions"}],"predecessor-version":[{"id":21908,"href":"https:\/\/polon.nauka.gov.pl\/pomoc\/wp-json\/wp\/v2\/lsvr_lore_kb\/5997\/revisions\/21908"}],"wp:attachment":[{"href":"https:\/\/polon.nauka.gov.pl\/pomoc\/wp-json\/wp\/v2\/media?parent=5997"}],"curies":[{"name":"wp","href":"https:\/\/api.w.org\/{rel}","templated":true}]}}