{"id":5612,"date":"2020-02-01T11:58:45","date_gmt":"2020-02-01T10:58:45","guid":{"rendered":"https:\/\/polon.nauka.gov.pl\/pomoc\/?post_type=lsvr_lore_kb&#038;p=5612"},"modified":"2025-07-23T09:12:42","modified_gmt":"2025-07-23T07:12:42","slug":"inne-osoby-prowadzace-zajecia","status":"publish","type":"lsvr_lore_kb","link":"https:\/\/polon.nauka.gov.pl\/pomoc\/knowledge-base\/inne-osoby-prowadzace-zajecia\/","title":{"rendered":"Inne osoby prowadz\u0105ce zaj\u0119cia"},"content":{"rendered":"\n<p><strong>W tym artykule znajdziesz informacje o tym, kim jest inna osoba prowadz\u0105ca zaj\u0119cia i jak zarejestrowa\u0107 j\u0105 w wykazie pracownik\u00f3w.<\/strong><\/p>\n\n\n\n<p>Wykaz pracownik\u00f3w twojego podmiotu obejmuje rekordy<\/p>\n\n\n\n<ol class=\"wp-block-list\">\n<li>nauczycieli akademickich,<\/li>\n\n\n\n<li>innych os\u00f3b prowadz\u0105cych zaj\u0119cia,<\/li>\n\n\n\n<li>os\u00f3b prowadz\u0105cych dzia\u0142alno\u015b\u0107 naukow\u0105,<\/li>\n\n\n\n<li>os\u00f3b bior\u0105cych udzia\u0142 w prowadzeniu dzia\u0142alno\u015bci naukowej.<\/li>\n<\/ol>\n\n\n\n<p><strong>Inne osoby prowadz\u0105ce zaj\u0119cia<\/strong> to wszystkie osoby prowadz\u0105ce zaj\u0119cia, kt\u00f3re nie s\u0105 zatrudnione na umow\u0119 o prac\u0119 lub nie s\u0105 wcale zatrudnione w twoim podmiocie.<\/p>\n\n\n\n<p>Mog\u0105 to by\u0107:<\/p>\n\n\n\n<ul class=\"wp-block-list\">\n<li>osoby zatrudnione <strong>na podstawie um\u00f3w cywilno-prawnych<\/strong>,<\/li>\n\n\n\n<li>osoby prowadz\u0105ce <strong>jednoosobow\u0105 dzia\u0142alno\u015b\u0107 gospodarcz\u0105,<\/strong><\/li>\n\n\n\n<li>niezatrudnieni na uczelni\n<ul class=\"wp-block-list\">\n<li><strong>doktoranci prowadz\u0105cy zaj\u0119cia<\/strong>,<\/li>\n\n\n\n<li>wyk\u0142adowcy zatrudnieni w innym podmiocie, je\u015bli u nas pe\u0142ni\u0105 funkcj\u0119 <strong>promotora<\/strong>,<\/li>\n\n\n\n<li>osoby prowadz\u0105ce zaj\u0119cia w ramach <strong>wolontariatu<\/strong>.<\/li>\n<\/ul>\n<\/li>\n<\/ul>\n\n\n\n<h2 class=\"wp-block-heading\">Rejestracja innej osoby prowadz\u0105cej zaj\u0119cia<\/h2>\n\n\n\n<p>Aby zarejestrowa\u0107 inn\u0105 osob\u0119 prowadz\u0105c\u0105 zaj\u0119cia,&nbsp;<strong>skorzystaj ze \u015bcie\u017cki rejestracji nowego pracownika<\/strong>, dost\u0119pnej&nbsp;<a href=\"https:\/\/polon.nauka.gov.pl\/pomoc\/knowledge-base\/rejestracja-pracownika\/\">tutaj<\/a>. Nast\u0119pnie uzupe\u0142nij rekord w zakresie wymaganych informacji.<\/p>\n\n\n\n<figure class=\"wp-block-table\"><table class=\"has-fixed-layout\"><thead><tr><th>Dane<\/th><th>Rejestrowane dla innej osoby prowadz\u0105cej zaj\u0119cia<\/th><\/tr><\/thead><tbody><tr><td><strong>Dane zatrudnienia<\/strong><\/td><td><strong>Tak<\/strong><\/td><\/tr><tr><td><strong>Warunki zatrudnienia<\/strong><\/td><td><strong>Tak<\/strong><\/td><\/tr><tr><td>Zgody na dodatkowe zatrudnienie<\/td><td>Nie (chyba \u017ce jest r\u00f3wnocze\u015bnie zatrudniona na etat)<\/td><\/tr><tr><td><strong>Stopnie i tytu\u0142y<\/strong><\/td><td><strong>Tak (je\u015bli posiada)<\/strong><\/td><\/tr><tr><td>O\u015bwiadczenia (o dyscyplinie i liczbie N)<\/td><td>Nie (chyba \u017ce jest r\u00f3wnocze\u015bnie zatrudniona na etat i prowadzi badania lub bierze w nich udzia\u0142)<\/td><\/tr><tr><td><strong>Informacje o prowadz\u0105cych zaj\u0119ciach<\/strong><\/td><td><strong>Tak<\/strong><\/td><\/tr><tr><td>Roczny wymiar zaj\u0119\u0107 dydaktycznych (pensum)<\/td><td>Nie (chyba \u017ce jest r\u00f3wnocze\u015bnie zatrudniona na etat i prowadzi zaj\u0119cia dydaktyczne)<\/td><\/tr><tr><td><strong>Kompetencje<\/strong><\/td><td><strong>Tak<\/strong><\/td><\/tr><tr><td>Nieobecno\u015bci<\/td><td>Nie (chyba \u017ce jest r\u00f3wnocze\u015bnie zatrudniona na etat)<\/td><\/tr><tr><td>Kary pracownicze<\/td><td>Nie (chyba \u017ce jest r\u00f3wnocze\u015bnie zatrudniona na etat)<\/td><\/tr><\/tbody><\/table><\/figure>\n\n\n\n<h3 class=\"wp-block-heading\"><strong>Warunki zatrudnienia<\/strong><\/h3>\n\n\n\n<p class=\"has-black-color has-text-color has-background has-link-color wp-elements-ff71342ebcfb37f22d92783cf197026c\" style=\"background-color:#dce8f6\">W zak\u0142adce warunki zatrudnienia odzwierciedlamy poszczeg\u00f3lne umowy pracownika, kt\u00f3re trwaj\u0105 w spos\u00f3b nieprzerwany w ramach zatrudnienia systemowego.<\/p>\n\n\n\n<p>W przypadku innych os\u00f3b prowadz\u0105cych zaj\u0119cia warunki zatrudnienia przyjmuj\u0105 posta\u0107 <strong>uproszczon\u0105<\/strong>.<\/p>\n\n\n\n<p>Przejd\u017a do zak\u0142adki Zatrudnienie <strong>[1] <\/strong>i wybierz Warunki zatrudnienia <strong>[2]<\/strong>. U\u017cyj przycisku \u201e+ Zarejestruj nowy warunek zatrudnienia\u201d <strong>[3]<\/strong>.<\/p>\n\n\n\n<figure class=\"wp-block-image size-large\"><a href=\"https:\/\/polon.nauka.gov.pl\/pomoc\/wp-content\/uploads\/2020\/02\/2025-06-13_13h21_13.png\" target=\"_blank\" rel=\" noreferrer noopener\"><img loading=\"lazy\" decoding=\"async\" width=\"1024\" height=\"432\" src=\"https:\/\/polon.nauka.gov.pl\/pomoc\/wp-content\/uploads\/2020\/02\/2025-06-13_13h21_13-1024x432.png\" alt=\"\" class=\"wp-image-21475\" srcset=\"https:\/\/polon.nauka.gov.pl\/pomoc\/wp-content\/uploads\/2020\/02\/2025-06-13_13h21_13-1024x432.png 1024w, https:\/\/polon.nauka.gov.pl\/pomoc\/wp-content\/uploads\/2020\/02\/2025-06-13_13h21_13-300x126.png 300w, https:\/\/polon.nauka.gov.pl\/pomoc\/wp-content\/uploads\/2020\/02\/2025-06-13_13h21_13-768x324.png 768w, https:\/\/polon.nauka.gov.pl\/pomoc\/wp-content\/uploads\/2020\/02\/2025-06-13_13h21_13-1536x648.png 1536w, https:\/\/polon.nauka.gov.pl\/pomoc\/wp-content\/uploads\/2020\/02\/2025-06-13_13h21_13.png 1919w\" sizes=\"auto, (max-width: 1024px) 100vw, 1024px\" \/><\/a><\/figure>\n\n\n\n<p>Zaznacz checkbox \u201eInna osoba prowadz\u0105ca zaj\u0119cia\u201d <strong>[1].<\/strong> Kliknij w ikon\u0119 kalendarza i wprowad\u017a dat\u0119, od kiedy dany warunek zatrudnienia obowi\u0105zuje <strong>[2]<\/strong>.<\/p>\n\n\n\n<p>Je\u015bli znasz dat\u0119 ustania warunku zatrudnienia, mo\u017cesz j\u0105 wprowadzi\u0107.<\/p>\n\n\n\n<p>Na koniec u\u017cyj przycisku \u201eZarejestruj warunek zatrudnienia\u201d <strong>[3]<\/strong>.<\/p>\n\n\n\n<figure class=\"wp-block-image size-large\"><a href=\"https:\/\/polon.nauka.gov.pl\/pomoc\/wp-content\/uploads\/2020\/02\/2025-06-13_13h21_19.png\" target=\"_blank\" rel=\" noreferrer noopener\"><img loading=\"lazy\" decoding=\"async\" width=\"1024\" height=\"488\" src=\"https:\/\/polon.nauka.gov.pl\/pomoc\/wp-content\/uploads\/2020\/02\/2025-06-13_13h21_19-1024x488.png\" alt=\"\" class=\"wp-image-21476\" srcset=\"https:\/\/polon.nauka.gov.pl\/pomoc\/wp-content\/uploads\/2020\/02\/2025-06-13_13h21_19-1024x488.png 1024w, https:\/\/polon.nauka.gov.pl\/pomoc\/wp-content\/uploads\/2020\/02\/2025-06-13_13h21_19-300x143.png 300w, https:\/\/polon.nauka.gov.pl\/pomoc\/wp-content\/uploads\/2020\/02\/2025-06-13_13h21_19-768x366.png 768w, https:\/\/polon.nauka.gov.pl\/pomoc\/wp-content\/uploads\/2020\/02\/2025-06-13_13h21_19-1536x732.png 1536w, https:\/\/polon.nauka.gov.pl\/pomoc\/wp-content\/uploads\/2020\/02\/2025-06-13_13h21_19.png 1916w\" sizes=\"auto, (max-width: 1024px) 100vw, 1024px\" \/><\/a><\/figure>\n\n\n\n<p>Po zapisie mo\u017cesz:<\/p>\n\n\n\n<ul class=\"wp-block-list\">\n<li><strong>skorygowa\u0107 warunek<\/strong> (ikona o\u0142\u00f3wka) w przypadku b\u0142\u0119du lub aby przed\u0142u\u017cy\u0107 dat\u0119 ko\u0144ca obowi\u0105zywania umowy <strong>[1]<\/strong>,<\/li>\n\n\n\n<li><strong>usun\u0105\u0107 warunek<\/strong> &nbsp;(ikona kosza na \u015bmieci) <strong>[2]<\/strong>,<\/li>\n\n\n\n<li><strong>zako\u0144czy\u0107 warunek<\/strong> (ikona znaku X) czyli wprowadzi\u0107 dat\u0119 ustania warunku zatrudnienia <strong>[3]<\/strong>,<\/li>\n\n\n\n<li><strong>skopiowa\u0107 warunek<\/strong> (ikona dokumentu) aby sprawnie doda\u0107 nowy warunek o podobnych parametrach <strong>[4]<\/strong>.<\/li>\n<\/ul>\n\n\n\n<figure class=\"wp-block-image size-large\"><a href=\"https:\/\/polon.nauka.gov.pl\/pomoc\/wp-content\/uploads\/2020\/02\/2025-06-13_13h21_27.png\" target=\"_blank\" rel=\" noreferrer noopener\"><img loading=\"lazy\" decoding=\"async\" width=\"1024\" height=\"554\" src=\"https:\/\/polon.nauka.gov.pl\/pomoc\/wp-content\/uploads\/2020\/02\/2025-06-13_13h21_27-1024x554.png\" alt=\"\" class=\"wp-image-21477\" srcset=\"https:\/\/polon.nauka.gov.pl\/pomoc\/wp-content\/uploads\/2020\/02\/2025-06-13_13h21_27-1024x554.png 1024w, https:\/\/polon.nauka.gov.pl\/pomoc\/wp-content\/uploads\/2020\/02\/2025-06-13_13h21_27-300x162.png 300w, https:\/\/polon.nauka.gov.pl\/pomoc\/wp-content\/uploads\/2020\/02\/2025-06-13_13h21_27-768x416.png 768w, https:\/\/polon.nauka.gov.pl\/pomoc\/wp-content\/uploads\/2020\/02\/2025-06-13_13h21_27-1536x832.png 1536w, https:\/\/polon.nauka.gov.pl\/pomoc\/wp-content\/uploads\/2020\/02\/2025-06-13_13h21_27.png 1919w\" sizes=\"auto, (max-width: 1024px) 100vw, 1024px\" \/><\/a><\/figure>\n\n\n\n<h3 class=\"wp-block-heading\"><strong>Kompetencje<\/strong><\/h3>\n\n\n\n<p>Informacje o kompetencjach i do\u015bwiadczeniu s\u0105 rejestrowane tylko innym osobom prowadz\u0105cym zaj\u0119cia. O tym co nale\u017cy wprowadzi\u0107 w tej zak\u0142adce przeczytasz <a href=\"https:\/\/polon.nauka.gov.pl\/pomoc\/knowledge-base\/dane-pracownika-kompetencje\/\" target=\"_blank\" rel=\"noreferrer noopener\">tutaj<\/a>.<\/p>\n\n\n\n<p class=\"has-black-color has-text-color has-background has-link-color wp-elements-d326a1f49c502bd05ac4dfb39732e39d\" style=\"background-color:#f3f3f3\"><strong>Podstawy prawne:<\/strong><br>Ustawa z dnia 20 lipca 2018 r. \u2013 Prawo o szkolnictwie wy\u017cszym i nauce (Dz.U. 2018 poz. 1668) \u2013 Art. 342 ust. 3 pkt 1, art. 343 ust. 1. <br>Rozporz\u0105dzenie Ministra Nauki i Szkolnictwa Wy\u017cszego w sprawie danych przetwarzanych w Zintegrowanym Systemie Informacji o Szkolnictwie Wy\u017cszym i Nauce POL-on z dnia 12 wrze\u015bnia 2024 r. \u2013 rozporz\u0105dzenie ws. POL-on (Dz.U. 2024 poz. 1403) \u2013<strong> <\/strong>&nbsp;\u00a7 9 ust. 1 pkt 1-2.<\/p>\n\n\n\n<h2 class=\"wp-block-heading\">Materia\u0142y dodatkowe<\/h2>\n\n\n\n<h3 class=\"wp-block-heading\"><strong>Doktoranci jako inne osoby prowadz\u0105ce zaj\u0119cia<\/strong><\/h3>\n\n\n\n<p>Doktoranci, kt\u00f3rzy nie s\u0105 zatrudnieni przez uczelni\u0119, ale prowadz\u0105 na niej zaj\u0119cia powinni by\u0107 rejestrowani w module Pracownicy (opr\u00f3cz rejestracji w module Osoby ubiegaj\u0105ce si\u0119 o stopie\u0144 doktora).<\/p>\n\n\n\n<p>W wypadku&nbsp;takich os\u00f3b <strong>zatrudnienie systemowe <\/strong>oznacza <strong>okres, w kt\u00f3rym doktorant wype\u0142nia obowi\u0105zki dydaktyczne<\/strong>&nbsp;(prowadzi zaj\u0119cia) w trakcie kszta\u0142cenia w szkole doktorskiej.<\/p>\n\n\n\n<p>Doktorant, kt\u00f3ry realizuje zaj\u0119cia w danym roku akademickim&nbsp;<strong>powinien mie\u0107 zarejestrowane zatrudnienie przez ca\u0142y rok akademicki (<\/strong>bez wzgl\u0119du na rzeczywisty czas prowadzenia zaj\u0119\u0107 ze studentami).<\/p>\n\n\n\n<ul class=\"wp-block-list\">\n<li><strong>Je\u015bli doktorant prowadzi zaj\u0119cia przez kolejne (nast\u0119puj\u0105ce po sobie) lata kszta\u0142cenia<\/strong> nie ma potrzeby zamyka\u0107 mu zatrudnienia systemowego. Zatrudnienie systemowe doktoranta powinno trwa\u0107 przez okres prowadzenia zaj\u0119\u0107.<\/li>\n\n\n\n<li><strong>Je\u015bli doktorant prowadzi zaj\u0119cia z przerw\u0105<\/strong> <strong>pomi\u0119dzy latami kszta\u0142cenia<\/strong> (np. prowadzi zaj\u0119cia na I i III roku, z przerw\u0105 w czasie II roku kszta\u0142cenia) to nale\u017cy odzwierciedli\u0107 w jego rekordzie przerw\u0119 w zatrudnieniu poprzez zamkni\u0119cie zatrudnienia systemowego. Taki doktorant b\u0119dzie ponownie rejestrowany, gdy podejmie si\u0119 prowadzenia zaj\u0119\u0107 po przerwie. W jego rekordzie pojawi\u0105 si\u0119 dwa wpisy w zakresie zatrudnienia, wyznaczane przez okres, w kt\u00f3rym prowadzi zaj\u0119cia.<\/li>\n<\/ul>\n\n\n\n<p>Zapoznaj si\u0119 z interpretacj\u0105:<\/p>\n\n\n\n<ul class=\"wp-block-list\">\n<li><a href=\"https:\/\/polon.nauka.gov.pl\/pomoc\/faq\/jak-w-module-pracownicy-nalezy-zarejestrowac-zatrudnienie-doktorantowi-bedacemu-inna-osoba-prowadzaca-zajecia\/\" target=\"_blank\" rel=\"noreferrer noopener\">https:\/\/polon.nauka.gov.pl\/pomoc\/faq\/jak-w-module-pracownicy-nalezy-zarejestrowac-zatrudnienie-doktorantowi-bedacemu-inna-osoba-prowadzaca-zajecia\/<\/a><\/li>\n<\/ul>\n\n\n\n<h3 class=\"wp-block-heading\"><strong>Pracownicy etatowi i jednocze\u015bnie inna osoba prowadz\u0105ca zaj\u0119cia<\/strong><\/h3>\n\n\n\n<p><strong>Pracownik etatowy mo\u017ce by\u0107 jednocze\u015bnie inn\u0105 osob\u0105 prowadz\u0105c\u0105 zaj\u0119cia<\/strong> je\u015bli w okresie zatrudnienia systemowego dodatkowo prowadzi cz\u0119\u015b\u0107 zaj\u0119\u0107 na podstawie umowy cywilno-prawnej.<\/p>\n\n\n\n<p>W wypadku takich os\u00f3b w czasie trwania zatrudnienia systemowego b\u0119d\u0105 znajdowa\u0142y si\u0119 dwa warunki zatrudnienia (pokrywaj\u0105ce si\u0119 w ca\u0142o\u015bci lub cz\u0119\u015bciowo):<\/p>\n\n\n\n<ol class=\"wp-block-list\">\n<li>Warunek wynikaj\u0105cy z etatowego stosunku pracy,<\/li>\n\n\n\n<li>Warunek uproszczony obejmuj\u0105cy umow\u0119 cywilno-prawn\u0105.<\/li>\n<\/ol>\n\n\n\n<p>Je\u015bli osoba do tej pory jednocze\u015bnie zatrudniona na etacie i umowie cywilno-prawnej, zako\u0144czy prac\u0119 na etacie (ale pozostanie zwi\u0105zana z podmiotem na podstawie umowy cywilno-prawnej), <strong>mo\u017ce mie\u0107 zamkni\u0119te zatrudnienie systemowe<\/strong>. Zako\u0144czenie zatrudnienia systemowego zamknie aktywne o\u015bwiadczenie o dyscyplinie i odzwierciedli sytuacj\u0119, \u017ce pracownik przestaje prowadzi\u0107 dzia\u0142alno\u015b\u0107 naukow\u0105.<\/p>\n\n\n\n<p>Wi\u0119cej we wpisie: <a href=\"https:\/\/polon.nauka.gov.pl\/pomoc\/knowledge-base\/warunki-zatrudnienia-poza-okresem-zatrudnienia\/\" target=\"_blank\" rel=\"noreferrer noopener\">Warunki zatrudnienia poza okresem zatrudnienia<\/a><\/p>\n\n\n\n<p>Zapoznaj si\u0119 z interpretacjami:<\/p>\n\n\n\n<ul class=\"wp-block-list\">\n<li><a href=\"https:\/\/polon.nauka.gov.pl\/pomoc\/faq\/jak-w-module-pracownicy-nalezy-zarejestrowac-doktoranta-ktory-jednoczesnie-jest-zatrudniony-na-uczelni-etacie\/\" target=\"_blank\" rel=\"noreferrer noopener\">https:\/\/polon.nauka.gov.pl\/pomoc\/faq\/jak-w-module-pracownicy-nalezy-zarejestrowac-doktoranta-ktory-jednoczesnie-jest-zatrudniony-na-uczelni-etacie\/<\/a><\/li>\n\n\n\n<li><a href=\"https:\/\/polon.nauka.gov.pl\/pomoc\/faq\/inna-osoba-prowadzaca-zajecia-podpisuje-z-uczelnia-kilka-umow-cywilno-prawnych-w-ciagu-roku-akademickiego-czy-nalezy-rejestrowac-kazda-umowe-jako-kolejne-zatrudnienie-albo-kolejny-warunek-zatrudnieni\/\" target=\"_blank\" rel=\"noreferrer noopener\">https:\/\/polon.nauka.gov.pl\/pomoc\/faq\/inna-osoba-prowadzaca-zajecia-podpisuje-z-uczelnia-kilka-umow-cywilno-prawnych-w-ciagu-roku-akademickiego-czy-nalezy-rejestrowac-kazda-umowe-jako-kolejne-zatrudnienie-albo-kolejny-warunek-zatrudnieni\/<\/a><\/li>\n<\/ul>\n\n\n\n<p>Wi\u0119cej informacji o innych osobach prowadz\u0105cych zaj\u0119cia znajdziesz <a href=\"https:\/\/polon.nauka.gov.pl\/pomoc\/faq-category\/pracownicy-inne-osoby\/\">tutaj<\/a>.<\/p>\n","protected":false},"excerpt":{"rendered":"<p>W tym artykule znajdziesz informacje o tym, kim jest inna osoba prowadz\u0105ca zaj\u0119cia i jak zarejestrowa\u0107 j\u0105 w wykazie pracownik\u00f3w. Wykaz pracownik\u00f3w twojego podmiotu obejmuje rekordy Inne osoby prowadz\u0105ce zaj\u0119cia to wszystkie osoby prowadz\u0105ce zaj\u0119cia, kt\u00f3re nie s\u0105 zatrudnione na umow\u0119 o prac\u0119 lub nie s\u0105 wcale zatrudnione w twoim podmiocie. Mog\u0105 to by\u0107: Rejestracja [&hellip;]<\/p>\n","protected":false},"author":45,"comment_status":"closed","ping_status":"closed","template":"","format":"standard","meta":{"footnotes":""},"class_list":["post-5612","lsvr_lore_kb","type-lsvr_lore_kb","status-publish","format-standard","hentry","lsvr_lore_kb_cat-pracownicy","lsvr_lore_kb_tag-doktoranci","lsvr_lore_kb_tag-inne-osoby-prowadzace-zajecia","lsvr_lore_kb_tag-pracownicy","lsvr_lore_kb_tag-rejestracja","lsvr_lore_kb_tag-umowa-cywilno-prawna","lsvr_lore_kb_tag-uproszczone-warunki-zatrudnienia","lsvr_lore_kb_tag-warunki-zatrudnienia","lsvr_lore_kb_tag-zatrudnienie","post-item"],"categories":"Pracownicy","tags":"doktoranci, inne osoby prowadz\u0105ce zaj\u0119cia, pracownicy, rejestracja, umowa cywilno-prawna, uproszczone warunki zatrudnienia, warunki zatrudnienia, zatrudnienie","date_content_updated":"","_links":{"self":[{"href":"https:\/\/polon.nauka.gov.pl\/pomoc\/wp-json\/wp\/v2\/lsvr_lore_kb\/5612","targetHints":{"allow":["GET"]}}],"collection":[{"href":"https:\/\/polon.nauka.gov.pl\/pomoc\/wp-json\/wp\/v2\/lsvr_lore_kb"}],"about":[{"href":"https:\/\/polon.nauka.gov.pl\/pomoc\/wp-json\/wp\/v2\/types\/lsvr_lore_kb"}],"author":[{"embeddable":true,"href":"https:\/\/polon.nauka.gov.pl\/pomoc\/wp-json\/wp\/v2\/users\/45"}],"replies":[{"embeddable":true,"href":"https:\/\/polon.nauka.gov.pl\/pomoc\/wp-json\/wp\/v2\/comments?post=5612"}],"version-history":[{"count":16,"href":"https:\/\/polon.nauka.gov.pl\/pomoc\/wp-json\/wp\/v2\/lsvr_lore_kb\/5612\/revisions"}],"predecessor-version":[{"id":21818,"href":"https:\/\/polon.nauka.gov.pl\/pomoc\/wp-json\/wp\/v2\/lsvr_lore_kb\/5612\/revisions\/21818"}],"wp:attachment":[{"href":"https:\/\/polon.nauka.gov.pl\/pomoc\/wp-json\/wp\/v2\/media?parent=5612"}],"curies":[{"name":"wp","href":"https:\/\/api.w.org\/{rel}","templated":true}]}}