{"id":5690,"date":"2020-03-31T09:31:29","date_gmt":"2020-03-31T07:31:29","guid":{"rendered":"https:\/\/polon.nauka.gov.pl\/pomoc\/?post_type=lsvr_lore_faq&#038;p=5690"},"modified":"2022-12-05T16:10:00","modified_gmt":"2022-12-05T15:10:00","slug":"czy-w-zakladce-roczny-wymiar-zajec-dydaktycznych-wpisujemy-pracownikowi-pensum-wynikajace-ze-stanowiska-i-grupy-czy-tez-doliczamy-godziny-braki-z-poprzedniego-roku-akademickiego-lub-w-pr","status":"publish","type":"lsvr_lore_faq","link":"https:\/\/polon.nauka.gov.pl\/pomoc\/faq\/czy-w-zakladce-roczny-wymiar-zajec-dydaktycznych-wpisujemy-pracownikowi-pensum-wynikajace-ze-stanowiska-i-grupy-czy-tez-doliczamy-godziny-braki-z-poprzedniego-roku-akademickiego-lub-w-pr\/","title":{"rendered":"Czy w zak\u0142adce &#8222;Roczny wymiar zaj\u0119\u0107 dydaktycznych\u201d doliczamy godziny (braki z poprzedniego roku akademickiego)?"},"content":{"rendered":"<p>W zak\u0142adce &#8222;Roczny wymiar zaj\u0119\u0107 dydaktycznych&#8221; nale\u017cy wskaza\u0107 planowany dla danego pracownika wymiar pensum na dany rok akademicki. Nie ma mo\u017cliwo\u015bci doliczania godzin za poprzedni rok akademicki, gdy\u017c pensum jest ustalane oddzielnie na ka\u017cdy rok akademicki. \u201ePrzesuwanie pensum\u201d nie jest ponadto zgodne z obowi\u0105zuj\u0105cymi przepisami.<\/p>\n","protected":false},"excerpt":{"rendered":"<p>W zak\u0142adce &#8222;Roczny wymiar zaj\u0119\u0107 dydaktycznych&#8221; nale\u017cy wskaza\u0107 planowany dla danego pracownika wymiar pensum na dany rok akademicki. Nie ma mo\u017cliwo\u015bci doliczania godzin za poprzedni rok akademicki, gdy\u017c pensum jest ustalane oddzielnie na ka\u017cdy rok akademicki. \u201ePrzesuwanie pensum\u201d nie jest ponadto zgodne z obowi\u0105zuj\u0105cymi przepisami.<\/p>\n","protected":false},"author":45,"template":"","meta":{"footnotes":""},"class_list":["post-5690","lsvr_lore_faq","type-lsvr_lore_faq","status-publish","hentry","lsvr_lore_faq_cat-pracownicy-prowadzone-zajecia","lsvr_lore_faq_tag-pensum","lsvr_lore_faq_tag-pracownicy","lsvr_lore_faq_tag-stanowisko-mnisw","post-item"],"categories":"Pracownicy - prowadzone zaj\u0119cia","tags":"pensum, pracownicy, stanowisko Ministerstwa","date_content_updated":"","_links":{"self":[{"href":"https:\/\/polon.nauka.gov.pl\/pomoc\/wp-json\/wp\/v2\/lsvr_lore_faq\/5690","targetHints":{"allow":["GET"]}}],"collection":[{"href":"https:\/\/polon.nauka.gov.pl\/pomoc\/wp-json\/wp\/v2\/lsvr_lore_faq"}],"about":[{"href":"https:\/\/polon.nauka.gov.pl\/pomoc\/wp-json\/wp\/v2\/types\/lsvr_lore_faq"}],"author":[{"embeddable":true,"href":"https:\/\/polon.nauka.gov.pl\/pomoc\/wp-json\/wp\/v2\/users\/45"}],"version-history":[{"count":4,"href":"https:\/\/polon.nauka.gov.pl\/pomoc\/wp-json\/wp\/v2\/lsvr_lore_faq\/5690\/revisions"}],"predecessor-version":[{"id":6247,"href":"https:\/\/polon.nauka.gov.pl\/pomoc\/wp-json\/wp\/v2\/lsvr_lore_faq\/5690\/revisions\/6247"}],"wp:attachment":[{"href":"https:\/\/polon.nauka.gov.pl\/pomoc\/wp-json\/wp\/v2\/media?parent=5690"}],"curies":[{"name":"wp","href":"https:\/\/api.w.org\/{rel}","templated":true}]}}